{"id":2067,"date":"2024-05-06T15:50:19","date_gmt":"2024-05-06T12:50:19","guid":{"rendered":"https:\/\/pensiuneacsillag.ro\/konferenciaterem\/"},"modified":"2024-05-14T13:36:02","modified_gmt":"2024-05-14T10:36:02","slug":"konferenciaterem","status":"publish","type":"page","link":"https:\/\/pensiuneacsillag.ro\/hu\/konferenciaterem\/","title":{"rendered":"Konferenciaterem"},"content":{"rendered":"\t\t<div data-elementor-type=\"wp-page\" data-elementor-id=\"2067\" class=\"elementor elementor-2067 elementor-1461\" data-elementor-post-type=\"page\">\n\t\t\t\t<div class=\"elementor-element elementor-element-d19ce24 e-flex e-con-boxed e-con e-parent\" data-id=\"d19ce24\" data-element_type=\"container\" data-e-type=\"container\">\n\t\t\t\t\t<div class=\"e-con-inner\">\n\t\t<div class=\"elementor-element elementor-element-b8e43d6 e-con-full e-flex e-con e-child\" data-id=\"b8e43d6\" data-element_type=\"container\" data-e-type=\"container\">\n\t\t\t\t<div class=\"elementor-element elementor-element-f161c07 elementor-widget elementor-widget-heading\" data-id=\"f161c07\" data-element_type=\"widget\" data-e-type=\"widget\" data-widget_type=\"heading.default\">\n\t\t\t\t<div class=\"elementor-widget-container\">\n\t\t\t\t\t<h2 class=\"elementor-heading-title elementor-size-default\">Konferencia<\/h2>\t\t\t\t<\/div>\n\t\t\t\t<\/div>\n\t\t\t\t<div class=\"elementor-element elementor-element-2e1463a elementor-widget elementor-widget-text-editor\" data-id=\"2e1463a\" data-element_type=\"widget\" data-e-type=\"widget\" data-widget_type=\"text-editor.default\">\n\t\t\t\t<div class=\"elementor-widget-container\">\n\t\t\t\t\t\t\t\t\t<div>\n<div>\n<p>Konferenciaterm\u00fcnk 100 f\u0151 befogad\u00e1s\u00e1ra alkalmas.<\/p>\n<\/div>\n<div>\n<p>K\u00e9r\u00e9s eset\u00e9n biztos\u00edtunk \u00e9tkez\u00e9st, sz\u00e1ll\u00e1st. Parkol\u00e1si lehet\u0151s\u00e9g a panzi\u00f3 saj\u00e1t parkol\u00f3j\u00e1ban.<\/p>\n<div>\n<div>\n<p><strong>A konferenciaterem felszerelts\u00e9gei:<\/strong><\/p>\n<\/div>\n<ul>\n<li>videoprojector nagym\u00e9ret\u0171 v\u00e1szonnal<\/li>\n<li>hangos\u00edt\u00f3 rendszer mikrofonnal<\/li>\n<li>WiFi kapcsolat<\/li>\n<li>f\u00e9nym\u00e1sol\u00f3<\/li>\n<\/ul>\n<div>\n<div> <\/div>\n<\/div>\n<\/div>\n<\/div>\n<\/div>\n\t\t\t\t\t\t\t\t<\/div>\n\t\t\t\t<\/div>\n\t\t<div class=\"elementor-element elementor-element-b9c4ffa e-con-full e-flex e-con e-child\" data-id=\"b9c4ffa\" data-element_type=\"container\" data-e-type=\"container\">\n\t\t\t\t<div class=\"elementor-element elementor-element-2b172af elementor-widget elementor-widget-heading\" data-id=\"2b172af\" data-element_type=\"widget\" data-e-type=\"widget\" data-widget_type=\"heading.default\">\n\t\t\t\t<div class=\"elementor-widget-container\">\n\t\t\t\t\t<h4 class=\"elementor-heading-title elementor-size-default\">\u00c1raink<\/h4>\t\t\t\t<\/div>\n\t\t\t\t<\/div>\n\t\t\t\t<div class=\"elementor-element elementor-element-09a2148 elementor-widget elementor-widget-text-editor\" data-id=\"09a2148\" data-element_type=\"widget\" data-e-type=\"widget\" data-widget_type=\"text-editor.default\">\n\t\t\t\t<div class=\"elementor-widget-container\">\n\t\t\t\t\t\t\t\t\t<div>\n<p>A terem eg\u00e9sznapos b\u00e9rleti d\u00edja: <strong>300 RON <\/strong><\/p>\n<\/div>\n<div>\n<p>A terem f\u00e9lnapos b\u00e9rleti d\u00edja: <strong>200 RON<\/strong><\/p>\n<\/div>\n<div> <\/div>\n<div> <\/div>\n\t\t\t\t\t\t\t\t<\/div>\n\t\t\t\t<\/div>\n\t\t\t\t<\/div>\n\t\t<div class=\"elementor-element elementor-element-e9547b4 e-con-full e-flex e-con e-child\" data-id=\"e9547b4\" data-element_type=\"container\" data-e-type=\"container\">\n\t\t\t\t<div class=\"elementor-element elementor-element-36c70f0 elementor-widget elementor-widget-heading\" data-id=\"36c70f0\" data-element_type=\"widget\" data-e-type=\"widget\" data-widget_type=\"heading.default\">\n\t\t\t\t<div class=\"elementor-widget-container\">\n\t\t\t\t\t<h4 class=\"elementor-heading-title elementor-size-default\">Opcion\u00e1lis szolg\u00e1ltat\u00e1saink<\/h4>\t\t\t\t<\/div>\n\t\t\t\t<\/div>\n\t\t\t\t<div class=\"elementor-element elementor-element-8fd93ca elementor-widget elementor-widget-text-editor\" data-id=\"8fd93ca\" data-element_type=\"widget\" data-e-type=\"widget\" data-widget_type=\"text-editor.default\">\n\t\t\t\t<div class=\"elementor-widget-container\">\n\t\t\t\t\t\t\t\t\t<div>\n<p>K\u00e1v\u00e9sz\u00fcnet: \u00e1sv\u00e1nyv\u00edz, k\u00e1v\u00e9, \u00fcd\u00edt\u0151, tea, s\u00f3s ropogtatnival\u00f3 bek\u00e9sz\u00edt\u00e9se \u2013 15 RON\/f\u0151<\/p>\n<\/div>\n<div>\n<p>Sv\u00e9dasztal + k\u00e1v\u00e9sz\u00fcnet: 35 RON\/f\u0151<\/p>\n<\/div>\n\t\t\t\t\t\t\t\t<\/div>\n\t\t\t\t<\/div>\n\t\t\t\t<\/div>\n\t\t\t\t<\/div>\n\t\t<div class=\"elementor-element elementor-element-71b0263 e-con-full e-flex e-con e-child\" data-id=\"71b0263\" data-element_type=\"container\" data-e-type=\"container\">\n\t\t\t\t<div class=\"elementor-element elementor-element-cacfd82 elementor-widget elementor-widget-image\" data-id=\"cacfd82\" data-element_type=\"widget\" data-e-type=\"widget\" data-widget_type=\"image.default\">\n\t\t\t\t<div class=\"elementor-widget-container\">\n\t\t\t\t\t\t\t\t\t\t\t\t\t\t\t<img fetchpriority=\"high\" decoding=\"async\" width=\"800\" height=\"667\" src=\"https:\/\/pensiuneacsillag.ro\/wp-content\/uploads\/2024\/05\/sala-de-conferinta-e1715343316391.webp\" class=\"attachment-large size-large wp-image-2018\" alt=\"\" srcset=\"https:\/\/pensiuneacsillag.ro\/wp-content\/uploads\/2024\/05\/sala-de-conferinta-e1715343316391.webp 900w, https:\/\/pensiuneacsillag.ro\/wp-content\/uploads\/2024\/05\/sala-de-conferinta-e1715343316391-300x250.webp 300w, https:\/\/pensiuneacsillag.ro\/wp-content\/uploads\/2024\/05\/sala-de-conferinta-e1715343316391-768x640.webp 768w\" sizes=\"(max-width: 800px) 100vw, 800px\" \/>\t\t\t\t\t\t\t\t\t\t\t\t\t\t\t<\/div>\n\t\t\t\t<\/div>\n\t\t\t\t<\/div>\n\t\t\t\t\t<\/div>\n\t\t\t\t<\/div>\n\t\t\t\t<\/div>\n\t\t","protected":false},"excerpt":{"rendered":"<p>Konferencia Konferenciaterm\u00fcnk 100 f\u0151 befogad\u00e1s\u00e1ra alkalmas. K\u00e9r\u00e9s eset\u00e9n biztos\u00edtunk \u00e9tkez\u00e9st, sz\u00e1ll\u00e1st. Parkol\u00e1si lehet\u0151s\u00e9g a panzi\u00f3 saj\u00e1t parkol\u00f3j\u00e1ban. A konferenciaterem felszerelts\u00e9gei: videoprojector nagym\u00e9ret\u0171 v\u00e1szonnal hangos\u00edt\u00f3 rendszer mikrofonnal WiFi kapcsolat f\u00e9nym\u00e1sol\u00f3 \u00c1raink A terem eg\u00e9sznapos b\u00e9rleti d\u00edja: 300 RON A terem f\u00e9lnapos b\u00e9rleti d\u00edja: 200 RON Opcion\u00e1lis szolg\u00e1ltat\u00e1saink K\u00e1v\u00e9sz\u00fcnet: \u00e1sv\u00e1nyv\u00edz, k\u00e1v\u00e9, \u00fcd\u00edt\u0151, tea, s\u00f3s ropogtatnival\u00f3 bek\u00e9sz\u00edt\u00e9se \u2013 [&hellip;]<\/p>\n","protected":false},"author":1,"featured_media":0,"parent":0,"menu_order":0,"comment_status":"closed","ping_status":"closed","template":"","meta":{"footnotes":""},"class_list":["post-2067","page","type-page","status-publish","hentry"],"_links":{"self":[{"href":"https:\/\/pensiuneacsillag.ro\/hu\/wp-json\/wp\/v2\/pages\/2067","targetHints":{"allow":["GET"]}}],"collection":[{"href":"https:\/\/pensiuneacsillag.ro\/hu\/wp-json\/wp\/v2\/pages"}],"about":[{"href":"https:\/\/pensiuneacsillag.ro\/hu\/wp-json\/wp\/v2\/types\/page"}],"author":[{"embeddable":true,"href":"https:\/\/pensiuneacsillag.ro\/hu\/wp-json\/wp\/v2\/users\/1"}],"replies":[{"embeddable":true,"href":"https:\/\/pensiuneacsillag.ro\/hu\/wp-json\/wp\/v2\/comments?post=2067"}],"version-history":[{"count":3,"href":"https:\/\/pensiuneacsillag.ro\/hu\/wp-json\/wp\/v2\/pages\/2067\/revisions"}],"predecessor-version":[{"id":2070,"href":"https:\/\/pensiuneacsillag.ro\/hu\/wp-json\/wp\/v2\/pages\/2067\/revisions\/2070"}],"wp:attachment":[{"href":"https:\/\/pensiuneacsillag.ro\/hu\/wp-json\/wp\/v2\/media?parent=2067"}],"curies":[{"name":"wp","href":"https:\/\/api.w.org\/{rel}","templated":true}]}}